{"id":12,"date":"2022-11-18T09:10:20","date_gmt":"2022-11-18T09:10:20","guid":{"rendered":"https:\/\/guadixciudadxxi.es\/?page_id=12"},"modified":"2022-12-16T10:24:20","modified_gmt":"2022-12-16T10:24:20","slug":"eventos-y-noticias","status":"publish","type":"page","link":"https:\/\/guadixciudadxxi.es\/?page_id=12","title":{"rendered":"Eventos y Noticias"},"content":{"rendered":"\n<div class=\"wp-block-query is-layout-flow wp-block-query-is-layout-flow\">\n<div class=\"wp-block-group is-content-justification-center is-layout-flex wp-container-core-group-is-layout-64b26803 wp-block-group-is-layout-flex\"><ul class=\"wp-block-post-template is-layout-flow wp-block-post-template-is-layout-flow\"><li class=\"wp-block-post post-291 post type-post status-publish format-standard has-post-thumbnail hentry category-uncategorized tag-guadix tag-psoe-guadix\">\n\n<div style=\"height:50px\" aria-hidden=\"true\" class=\"wp-block-spacer\"><\/div>\n\n\n<h2 class=\"wp-block-post-title has-medium-font-size\"><a href=\"https:\/\/guadixciudadxxi.es\/?p=291\" target=\"_self\" >El PSOE de Guadix aprueba por unanimidad la lista que encabeza Bel\u00e9n Porcel para las Elecciones Municipales 2023<\/a><\/h2>\n\n\n<hr class=\"wp-block-separator has-alpha-channel-opacity\"\/>\n\n\n<figure style=\"width:250px;height:250px;\" class=\"alignleft wp-block-post-featured-image\"><a href=\"https:\/\/guadixciudadxxi.es\/?p=291\" target=\"_self\"  style=\"height:250px\"><img loading=\"lazy\" decoding=\"async\" width=\"2560\" height=\"1707\" src=\"https:\/\/guadixciudadxxi.es\/wp-content\/uploads\/2023\/04\/AD8A7768-scaled.jpg\" class=\"attachment-post-thumbnail size-post-thumbnail wp-post-image\" alt=\"El PSOE de Guadix aprueba por unanimidad la lista que encabeza Bel\u00e9n Porcel para las Elecciones Municipales 2023\" style=\"height:250px;object-fit:cover;\" srcset=\"https:\/\/guadixciudadxxi.es\/wp-content\/uploads\/2023\/04\/AD8A7768-scaled.jpg 2560w, https:\/\/guadixciudadxxi.es\/wp-content\/uploads\/2023\/04\/AD8A7768-300x200.jpg 300w, https:\/\/guadixciudadxxi.es\/wp-content\/uploads\/2023\/04\/AD8A7768-1024x683.jpg 1024w, https:\/\/guadixciudadxxi.es\/wp-content\/uploads\/2023\/04\/AD8A7768-768x512.jpg 768w, https:\/\/guadixciudadxxi.es\/wp-content\/uploads\/2023\/04\/AD8A7768-1536x1024.jpg 1536w, https:\/\/guadixciudadxxi.es\/wp-content\/uploads\/2023\/04\/AD8A7768-2048x1365.jpg 2048w, https:\/\/guadixciudadxxi.es\/wp-content\/uploads\/2023\/04\/AD8A7768-1000x667.jpg 1000w, https:\/\/guadixciudadxxi.es\/wp-content\/uploads\/2023\/04\/AD8A7768-230x153.jpg 230w, https:\/\/guadixciudadxxi.es\/wp-content\/uploads\/2023\/04\/AD8A7768-350x233.jpg 350w, https:\/\/guadixciudadxxi.es\/wp-content\/uploads\/2023\/04\/AD8A7768-480x320.jpg 480w\" sizes=\"auto, (max-width: 2560px) 100vw, 2560px\" \/><\/a><\/figure>\n\n<div class=\"wp-block-post-excerpt\"><p class=\"wp-block-post-excerpt__excerpt\">\u201cEs una lista renovada, que tiene ilusi\u00f3n, fuerza y compromiso\u201d, destaca la candidata socialista a la Alcald\u00eda de Guadix. El PSOE de<\/p><p class=\"wp-block-post-excerpt__more-text\"><a class=\"wp-block-post-excerpt__more-link\" href=\"https:\/\/guadixciudadxxi.es\/?p=291\">Leer m\u00e1s&#8230;<\/a><\/p><\/div>\n\n<div class=\"wp-block-post-date\"><time datetime=\"2023-04-09T11:46:30+00:00\">9 de abril de 2023<\/time><\/div>\n<\/li><li class=\"wp-block-post post-236 post type-post status-publish format-standard has-post-thumbnail hentry category-uncategorized\">\n\n<div style=\"height:50px\" aria-hidden=\"true\" class=\"wp-block-spacer\"><\/div>\n\n\n<h2 class=\"wp-block-post-title has-medium-font-size\"><a href=\"https:\/\/guadixciudadxxi.es\/?p=236\" target=\"_self\" >Recogida de Juguetes NAVIDAD<\/a><\/h2>\n\n\n<hr class=\"wp-block-separator has-alpha-channel-opacity\"\/>\n\n\n<figure style=\"width:250px;height:250px;\" class=\"alignleft wp-block-post-featured-image\"><a href=\"https:\/\/guadixciudadxxi.es\/?p=236\" target=\"_self\"  style=\"height:250px\"><img loading=\"lazy\" decoding=\"async\" width=\"1080\" height=\"1080\" src=\"https:\/\/guadixciudadxxi.es\/wp-content\/uploads\/2022\/12\/recogida-solidaria-de-juguetes.jpg\" class=\"attachment-post-thumbnail size-post-thumbnail wp-post-image\" alt=\"Recogida de Juguetes NAVIDAD\" style=\"height:250px;object-fit:cover;\" srcset=\"https:\/\/guadixciudadxxi.es\/wp-content\/uploads\/2022\/12\/recogida-solidaria-de-juguetes.jpg 1080w, https:\/\/guadixciudadxxi.es\/wp-content\/uploads\/2022\/12\/recogida-solidaria-de-juguetes-300x300.jpg 300w, https:\/\/guadixciudadxxi.es\/wp-content\/uploads\/2022\/12\/recogida-solidaria-de-juguetes-1024x1024.jpg 1024w, https:\/\/guadixciudadxxi.es\/wp-content\/uploads\/2022\/12\/recogida-solidaria-de-juguetes-150x150.jpg 150w, https:\/\/guadixciudadxxi.es\/wp-content\/uploads\/2022\/12\/recogida-solidaria-de-juguetes-768x768.jpg 768w, https:\/\/guadixciudadxxi.es\/wp-content\/uploads\/2022\/12\/recogida-solidaria-de-juguetes-1000x1000.jpg 1000w, https:\/\/guadixciudadxxi.es\/wp-content\/uploads\/2022\/12\/recogida-solidaria-de-juguetes-230x230.jpg 230w, https:\/\/guadixciudadxxi.es\/wp-content\/uploads\/2022\/12\/recogida-solidaria-de-juguetes-350x350.jpg 350w, https:\/\/guadixciudadxxi.es\/wp-content\/uploads\/2022\/12\/recogida-solidaria-de-juguetes-480x480.jpg 480w\" sizes=\"auto, (max-width: 1080px) 100vw, 1080px\" \/><\/a><\/figure>\n\n<div class=\"wp-block-post-excerpt\"><p class=\"wp-block-post-excerpt__excerpt\">Desde el Partido Socialista de Guadix en colaboraci\u00f3n con Juventudes Socialistas, vamos a realizar una recogida de juguetes solidaria, en la sede<\/p><p class=\"wp-block-post-excerpt__more-text\"><a class=\"wp-block-post-excerpt__more-link\" href=\"https:\/\/guadixciudadxxi.es\/?p=236\">Leer m\u00e1s&#8230;<\/a><\/p><\/div>\n\n<div class=\"wp-block-post-date\"><time datetime=\"2022-12-16T08:39:24+00:00\">16 de diciembre de 2022<\/time><\/div>\n<\/li><li class=\"wp-block-post post-233 post type-post status-publish format-standard has-post-thumbnail hentry category-uncategorized\">\n\n<div style=\"height:50px\" aria-hidden=\"true\" class=\"wp-block-spacer\"><\/div>\n\n\n<h2 class=\"wp-block-post-title has-medium-font-size\"><a href=\"https:\/\/guadixciudadxxi.es\/?p=233\" target=\"_self\" >El PSOE destaca la inversi\u00f3n de los gobiernos socialistas en Guadix<\/a><\/h2>\n\n\n<hr class=\"wp-block-separator has-alpha-channel-opacity\"\/>\n\n\n<figure style=\"width:250px;height:250px;\" class=\"alignleft wp-block-post-featured-image\"><a href=\"https:\/\/guadixciudadxxi.es\/?p=233\" target=\"_self\"  style=\"height:250px\"><img loading=\"lazy\" decoding=\"async\" width=\"1600\" height=\"1200\" src=\"https:\/\/guadixciudadxxi.es\/wp-content\/uploads\/2022\/12\/belen_porcel_.jpg\" class=\"attachment-post-thumbnail size-post-thumbnail wp-post-image\" alt=\"El PSOE destaca la inversi\u00f3n de los gobiernos socialistas en Guadix\" style=\"height:250px;object-fit:cover;\" srcset=\"https:\/\/guadixciudadxxi.es\/wp-content\/uploads\/2022\/12\/belen_porcel_.jpg 1600w, https:\/\/guadixciudadxxi.es\/wp-content\/uploads\/2022\/12\/belen_porcel_-300x225.jpg 300w, https:\/\/guadixciudadxxi.es\/wp-content\/uploads\/2022\/12\/belen_porcel_-1024x768.jpg 1024w, https:\/\/guadixciudadxxi.es\/wp-content\/uploads\/2022\/12\/belen_porcel_-768x576.jpg 768w, https:\/\/guadixciudadxxi.es\/wp-content\/uploads\/2022\/12\/belen_porcel_-1536x1152.jpg 1536w, https:\/\/guadixciudadxxi.es\/wp-content\/uploads\/2022\/12\/belen_porcel_-1000x750.jpg 1000w, https:\/\/guadixciudadxxi.es\/wp-content\/uploads\/2022\/12\/belen_porcel_-230x173.jpg 230w, https:\/\/guadixciudadxxi.es\/wp-content\/uploads\/2022\/12\/belen_porcel_-350x263.jpg 350w, https:\/\/guadixciudadxxi.es\/wp-content\/uploads\/2022\/12\/belen_porcel_-480x360.jpg 480w\" sizes=\"auto, (max-width: 1600px) 100vw, 1600px\" \/><\/a><\/figure>\n\n<div class=\"wp-block-post-excerpt\"><p class=\"wp-block-post-excerpt__excerpt\">El PSOE destaca la inversi\u00f3n de los gobiernos socialistas en Guadix y Bel\u00e9n Porcel, critica la pol\u00edtica del olvido del PP y<\/p><p class=\"wp-block-post-excerpt__more-text\"><a class=\"wp-block-post-excerpt__more-link\" href=\"https:\/\/guadixciudadxxi.es\/?p=233\">Leer m\u00e1s&#8230;<\/a><\/p><\/div>\n\n<div class=\"wp-block-post-date\"><time datetime=\"2022-12-16T08:32:01+00:00\">16 de diciembre de 2022<\/time><\/div>\n<\/li><li class=\"wp-block-post post-118 post type-post status-publish format-standard has-post-thumbnail hentry category-uncategorized\">\n\n<div style=\"height:50px\" aria-hidden=\"true\" class=\"wp-block-spacer\"><\/div>\n\n\n<h2 class=\"wp-block-post-title has-medium-font-size\"><a href=\"https:\/\/guadixciudadxxi.es\/?p=118\" target=\"_self\" >El GDR de Guadix buscar\u00e1 la complicidad de mujeres y j\u00f3venes de la comarca en el proyecto de cooperaci\u00f3n entre territorios \u2018IGUALAB\u2019, dirigido a fomentar la igualdad en el medio rural<\/a><\/h2>\n\n\n<hr class=\"wp-block-separator has-alpha-channel-opacity\"\/>\n\n\n<figure style=\"width:250px;height:250px;\" class=\"alignleft wp-block-post-featured-image\"><a href=\"https:\/\/guadixciudadxxi.es\/?p=118\" target=\"_self\"  style=\"height:250px\"><img loading=\"lazy\" decoding=\"async\" width=\"1000\" height=\"1000\" src=\"https:\/\/guadixciudadxxi.es\/wp-content\/uploads\/2022\/11\/10-11.jpg\" class=\"attachment-post-thumbnail size-post-thumbnail wp-post-image\" alt=\"El GDR de Guadix buscar\u00e1 la complicidad de mujeres y j\u00f3venes de la comarca en el proyecto de cooperaci\u00f3n entre territorios \u2018IGUALAB\u2019, dirigido a fomentar la igualdad en el medio rural\" style=\"height:250px;object-fit:cover;\" srcset=\"https:\/\/guadixciudadxxi.es\/wp-content\/uploads\/2022\/11\/10-11.jpg 1000w, https:\/\/guadixciudadxxi.es\/wp-content\/uploads\/2022\/11\/10-11-300x300.jpg 300w, https:\/\/guadixciudadxxi.es\/wp-content\/uploads\/2022\/11\/10-11-150x150.jpg 150w, https:\/\/guadixciudadxxi.es\/wp-content\/uploads\/2022\/11\/10-11-768x768.jpg 768w, https:\/\/guadixciudadxxi.es\/wp-content\/uploads\/2022\/11\/10-11-230x230.jpg 230w, https:\/\/guadixciudadxxi.es\/wp-content\/uploads\/2022\/11\/10-11-350x350.jpg 350w, https:\/\/guadixciudadxxi.es\/wp-content\/uploads\/2022\/11\/10-11-480x480.jpg 480w\" sizes=\"auto, (max-width: 1000px) 100vw, 1000px\" \/><\/a><\/figure>\n\n<div class=\"wp-block-post-excerpt\"><p class=\"wp-block-post-excerpt__excerpt\">Promover la creaci\u00f3n de una red de personas expertas en igualdad, fomentar el emprendimiento con perspectiva de g\u00e9nero, elaborar un podcast sobre<\/p><p class=\"wp-block-post-excerpt__more-text\"><a class=\"wp-block-post-excerpt__more-link\" href=\"https:\/\/guadixciudadxxi.es\/?p=118\">Leer m\u00e1s&#8230;<\/a><\/p><\/div>\n\n<div class=\"wp-block-post-date\"><time datetime=\"2022-11-22T08:27:23+00:00\">22 de noviembre de 2022<\/time><\/div>\n<\/li><li class=\"wp-block-post post-114 post type-post status-publish format-standard has-post-thumbnail hentry category-uncategorized\">\n\n<div style=\"height:50px\" aria-hidden=\"true\" class=\"wp-block-spacer\"><\/div>\n\n\n<h2 class=\"wp-block-post-title has-medium-font-size\"><a href=\"https:\/\/guadixciudadxxi.es\/?p=114\" target=\"_self\" >LA DIPUTACI\u00d3N CONCEDE 40 MIL EUROS PARA EL ARREGLO DE SOPORTALES DE LA PLAZA DE LAS PALOMAS DE GUADIX<\/a><\/h2>\n\n\n<hr class=\"wp-block-separator has-alpha-channel-opacity\"\/>\n\n\n<figure style=\"width:250px;height:250px;\" class=\"alignleft wp-block-post-featured-image\"><a href=\"https:\/\/guadixciudadxxi.es\/?p=114\" target=\"_self\"  style=\"height:250px\"><img loading=\"lazy\" decoding=\"async\" width=\"1000\" height=\"1000\" src=\"https:\/\/guadixciudadxxi.es\/wp-content\/uploads\/2022\/11\/12-11.jpg\" class=\"attachment-post-thumbnail size-post-thumbnail wp-post-image\" alt=\"LA DIPUTACI\u00d3N CONCEDE 40 MIL EUROS PARA EL ARREGLO DE SOPORTALES DE LA PLAZA DE LAS PALOMAS DE GUADIX\" style=\"height:250px;object-fit:cover;\" srcset=\"https:\/\/guadixciudadxxi.es\/wp-content\/uploads\/2022\/11\/12-11.jpg 1000w, https:\/\/guadixciudadxxi.es\/wp-content\/uploads\/2022\/11\/12-11-300x300.jpg 300w, https:\/\/guadixciudadxxi.es\/wp-content\/uploads\/2022\/11\/12-11-150x150.jpg 150w, https:\/\/guadixciudadxxi.es\/wp-content\/uploads\/2022\/11\/12-11-768x768.jpg 768w, https:\/\/guadixciudadxxi.es\/wp-content\/uploads\/2022\/11\/12-11-230x230.jpg 230w, https:\/\/guadixciudadxxi.es\/wp-content\/uploads\/2022\/11\/12-11-350x350.jpg 350w, https:\/\/guadixciudadxxi.es\/wp-content\/uploads\/2022\/11\/12-11-480x480.jpg 480w\" sizes=\"auto, (max-width: 1000px) 100vw, 1000px\" \/><\/a><\/figure>\n\n<div class=\"wp-block-post-excerpt\"><p class=\"wp-block-post-excerpt__excerpt\">El gobierno socialista de la Diputaci\u00f3n de Granada ha concedido a Guadix una ayuda econ\u00f3mica de 40 mil euros para el arreglo<\/p><p class=\"wp-block-post-excerpt__more-text\"><a class=\"wp-block-post-excerpt__more-link\" href=\"https:\/\/guadixciudadxxi.es\/?p=114\">Leer m\u00e1s&#8230;<\/a><\/p><\/div>\n\n<div class=\"wp-block-post-date\"><time datetime=\"2022-11-22T08:21:28+00:00\">22 de noviembre de 2022<\/time><\/div>\n<\/li><li class=\"wp-block-post post-1 post type-post status-publish format-standard has-post-thumbnail hentry category-uncategorized\">\n\n<div style=\"height:50px\" aria-hidden=\"true\" class=\"wp-block-spacer\"><\/div>\n\n\n<h2 class=\"wp-block-post-title has-medium-font-size\"><a href=\"https:\/\/guadixciudadxxi.es\/?p=1\" target=\"_self\" >CELEBRAMOS EL D\u00cdA DEL PATRIMONIO EN GUADIX<\/a><\/h2>\n\n\n<hr class=\"wp-block-separator has-alpha-channel-opacity\"\/>\n\n\n<figure style=\"width:250px;height:250px;\" class=\"alignleft wp-block-post-featured-image\"><a href=\"https:\/\/guadixciudadxxi.es\/?p=1\" target=\"_self\"  style=\"height:250px\"><img loading=\"lazy\" decoding=\"async\" width=\"1000\" height=\"1000\" src=\"https:\/\/guadixciudadxxi.es\/wp-content\/uploads\/2022\/11\/17-11.jpg\" class=\"attachment-post-thumbnail size-post-thumbnail wp-post-image\" alt=\"CELEBRAMOS EL D\u00cdA DEL PATRIMONIO EN GUADIX\" style=\"height:250px;object-fit:cover;\" srcset=\"https:\/\/guadixciudadxxi.es\/wp-content\/uploads\/2022\/11\/17-11.jpg 1000w, https:\/\/guadixciudadxxi.es\/wp-content\/uploads\/2022\/11\/17-11-300x300.jpg 300w, https:\/\/guadixciudadxxi.es\/wp-content\/uploads\/2022\/11\/17-11-150x150.jpg 150w, https:\/\/guadixciudadxxi.es\/wp-content\/uploads\/2022\/11\/17-11-768x768.jpg 768w, https:\/\/guadixciudadxxi.es\/wp-content\/uploads\/2022\/11\/17-11-230x230.jpg 230w, https:\/\/guadixciudadxxi.es\/wp-content\/uploads\/2022\/11\/17-11-350x350.jpg 350w, https:\/\/guadixciudadxxi.es\/wp-content\/uploads\/2022\/11\/17-11-480x480.jpg 480w\" sizes=\"auto, (max-width: 1000px) 100vw, 1000px\" \/><\/a><\/figure>\n\n<div class=\"wp-block-post-excerpt\"><p class=\"wp-block-post-excerpt__excerpt\">En el d\u00eda de ayer celebr\u00e1bamos el d\u00eda del Patrimonio participando y visitando en las jornadas de puertas abiertas que se realiz\u00f3<\/p><p class=\"wp-block-post-excerpt__more-text\"><a class=\"wp-block-post-excerpt__more-link\" href=\"https:\/\/guadixciudadxxi.es\/?p=1\">Leer m\u00e1s&#8230;<\/a><\/p><\/div>\n\n<div class=\"wp-block-post-date\"><time datetime=\"2022-11-17T10:40:03+00:00\">17 de noviembre de 2022<\/time><\/div>\n<\/li><\/ul><\/div>\n<\/div>\n","protected":false},"excerpt":{"rendered":"","protected":false},"author":1,"featured_media":0,"parent":0,"menu_order":0,"comment_status":"closed","ping_status":"closed","template":"page-templates\/page_fullwidth.php","meta":{"footnotes":""},"class_list":["post-12","page","type-page","status-publish","hentry"],"_links":{"self":[{"href":"https:\/\/guadixciudadxxi.es\/index.php?rest_route=\/wp\/v2\/pages\/12","targetHints":{"allow":["GET"]}}],"collection":[{"href":"https:\/\/guadixciudadxxi.es\/index.php?rest_route=\/wp\/v2\/pages"}],"about":[{"href":"https:\/\/guadixciudadxxi.es\/index.php?rest_route=\/wp\/v2\/types\/page"}],"author":[{"embeddable":true,"href":"https:\/\/guadixciudadxxi.es\/index.php?rest_route=\/wp\/v2\/users\/1"}],"replies":[{"embeddable":true,"href":"https:\/\/guadixciudadxxi.es\/index.php?rest_route=%2Fwp%2Fv2%2Fcomments&post=12"}],"version-history":[{"count":19,"href":"https:\/\/guadixciudadxxi.es\/index.php?rest_route=\/wp\/v2\/pages\/12\/revisions"}],"predecessor-version":[{"id":269,"href":"https:\/\/guadixciudadxxi.es\/index.php?rest_route=\/wp\/v2\/pages\/12\/revisions\/269"}],"wp:attachment":[{"href":"https:\/\/guadixciudadxxi.es\/index.php?rest_route=%2Fwp%2Fv2%2Fmedia&parent=12"}],"curies":[{"name":"wp","href":"https:\/\/api.w.org\/{rel}","templated":true}]}}